{"id":38,"date":"2025-09-09T16:41:19","date_gmt":"2025-09-09T14:41:19","guid":{"rendered":"https:\/\/consems.de\/blog\/?page_id=38"},"modified":"2025-12-03T10:26:05","modified_gmt":"2025-12-03T09:26:05","slug":"mediation-emsland","status":"publish","type":"page","link":"https:\/\/consems.de\/blog\/mediation-emsland\/","title":{"rendered":"Mediation im Emsland"},"content":{"rendered":"<div id=\"ez-toc-container\" class=\"ez-toc-v2_0_80 ez-toc-wrap-center counter-hierarchy ez-toc-counter ez-toc-custom ez-toc-container-direction\">\n<div class=\"ez-toc-title-container\">\n<p class=\"ez-toc-title\" style=\"cursor:inherit\">Inhalt dieser Seite:<\/p>\n<span class=\"ez-toc-title-toggle\"><a href=\"#\" class=\"ez-toc-pull-right ez-toc-btn ez-toc-btn-xs ez-toc-btn-default ez-toc-toggle\" aria-label=\"Toggle Table of Content\"><span class=\"ez-toc-js-icon-con\"><span class=\"\"><span class=\"eztoc-hide\" style=\"display:none;\">Toggle<\/span><span class=\"ez-toc-icon-toggle-span\"><svg style=\"fill: #575444;color:#575444\" xmlns=\"http:\/\/www.w3.org\/2000\/svg\" class=\"list-377408\" width=\"20px\" height=\"20px\" viewBox=\"0 0 24 24\" fill=\"none\"><path d=\"M6 6H4v2h2V6zm14 0H8v2h12V6zM4 11h2v2H4v-2zm16 0H8v2h12v-2zM4 16h2v2H4v-2zm16 0H8v2h12v-2z\" fill=\"currentColor\"><\/path><\/svg><svg style=\"fill: #575444;color:#575444\" class=\"arrow-unsorted-368013\" xmlns=\"http:\/\/www.w3.org\/2000\/svg\" width=\"10px\" height=\"10px\" viewBox=\"0 0 24 24\" version=\"1.2\" baseProfile=\"tiny\"><path d=\"M18.2 9.3l-6.2-6.3-6.2 6.3c-.2.2-.3.4-.3.7s.1.5.3.7c.2.2.4.3.7.3h11c.3 0 .5-.1.7-.3.2-.2.3-.5.3-.7s-.1-.5-.3-.7zM5.8 14.7l6.2 6.3 6.2-6.3c.2-.2.3-.5.3-.7s-.1-.5-.3-.7c-.2-.2-.4-.3-.7-.3h-11c-.3 0-.5.1-.7.3-.2.2-.3.5-.3.7s.1.5.3.7z\"\/><\/svg><\/span><\/span><\/span><\/a><\/span><\/div>\n<nav><ul class='ez-toc-list ez-toc-list-level-1 eztoc-toggle-hide-by-default' ><li class='ez-toc-page-1 ez-toc-heading-level-2'><a class=\"ez-toc-link ez-toc-heading-1\" href=\"https:\/\/consems.de\/blog\/mediation-emsland\/#was-ist-ein-konflikt\" >Was ist ein Konflikt?<\/a><\/li><li class='ez-toc-page-1 ez-toc-heading-level-2'><a class=\"ez-toc-link ez-toc-heading-2\" href=\"https:\/\/consems.de\/blog\/mediation-emsland\/#was-sind-klaerungs-check-ups\" >Was sind Kl\u00e4rungs-Check-Ups?<\/a><\/li><li class='ez-toc-page-1 ez-toc-heading-level-2'><a class=\"ez-toc-link ez-toc-heading-3\" href=\"https:\/\/consems.de\/blog\/mediation-emsland\/#was-ist-der-vorehe-check-up\" >Was ist der (Vor)Ehe-Check-Up?<\/a><\/li><li class='ez-toc-page-1 ez-toc-heading-level-2'><a class=\"ez-toc-link ez-toc-heading-4\" href=\"https:\/\/consems.de\/blog\/mediation-emsland\/#was-ist-eine-mediation\" >Was ist eine Mediation?<\/a><\/li><li class='ez-toc-page-1 ez-toc-heading-level-2'><a class=\"ez-toc-link ez-toc-heading-5\" href=\"https:\/\/consems.de\/blog\/mediation-emsland\/#die-prinzipien-der-mediation\" >Die Prinzipien der Mediation.<\/a><\/li><li class='ez-toc-page-1 ez-toc-heading-level-2'><a class=\"ez-toc-link ez-toc-heading-6\" href=\"https:\/\/consems.de\/blog\/mediation-emsland\/#ueber-mich\" >\u00dcber mich<\/a><\/li><li class='ez-toc-page-1 ez-toc-heading-level-2'><a class=\"ez-toc-link ez-toc-heading-7\" href=\"https:\/\/consems.de\/blog\/mediation-emsland\/#kontakt\" >Kontakt<\/a><\/li><\/ul><\/nav><\/div>\n\n<div class=\"wp-block-group\"><div class=\"wp-block-group__inner-container is-layout-constrained wp-block-group-is-layout-constrained\">\n<h2 class=\"wp-block-heading has-text-align-center has-huge-font-size\">Heiko L\u00fcbben<\/h2>\n\n\n\n<h2 class=\"wp-block-heading has-text-align-center has-medium-font-size\">ZERTIFIZIERTER MEDIATOR<\/h2>\n\n\n\n<div class=\"wp-block-columns is-style-default is-layout-flex wp-container-core-columns-is-layout-9d6595d7 wp-block-columns-is-layout-flex\">\n<div class=\"wp-block-column is-layout-flow wp-block-column-is-layout-flow\" style=\"flex-basis:43%\">\n<figure class=\"wp-block-image size-large\"><img loading=\"lazy\" decoding=\"async\" width=\"1024\" height=\"1024\" src=\"https:\/\/consems.de\/blog\/wp-content\/uploads\/2025\/09\/consems-Startseite-1024x1024.jpg\" alt=\"\" class=\"wp-image-151\" srcset=\"https:\/\/consems.de\/blog\/wp-content\/uploads\/2025\/09\/consems-Startseite-1024x1024.jpg 1024w, https:\/\/consems.de\/blog\/wp-content\/uploads\/2025\/09\/consems-Startseite-300x300.jpg 300w, https:\/\/consems.de\/blog\/wp-content\/uploads\/2025\/09\/consems-Startseite-150x150.jpg 150w, https:\/\/consems.de\/blog\/wp-content\/uploads\/2025\/09\/consems-Startseite-768x768.jpg 768w, https:\/\/consems.de\/blog\/wp-content\/uploads\/2025\/09\/consems-Startseite.jpg 1080w\" sizes=\"auto, (max-width: 1024px) 100vw, 1024px\" \/><\/figure>\n<\/div>\n\n\n\n<div class=\"wp-block-column is-layout-flow wp-block-column-is-layout-flow\" style=\"flex-basis:57%\">\n<p class=\"has-small-font-size\" style=\"font-size:48px\">Als Mediator stelle ich mich zwei oder mehreren Parteien als neutraler Kl\u00e4rungshelfer zur Verf\u00fcgung. Dabei muss es sich nicht immer um Konflikte handeln. Auch so ist es immer gut, pr\u00e4ventiv Fragen oder Konfliktpotentiale zu betrachten, um weiterhin sowohl innerhalb der Beziehung oder in Vereinen \/ Firmen \/ Nachbarschaften ein positives Klima fortzuf\u00fchren oder dieses wieder zu erlangen. <br>Meine Mediationen finden in Meppen oder online statt.<\/p>\n<\/div>\n<\/div>\n<\/div><\/div>\n\n\n\n<hr class=\"wp-block-coblocks-dynamic-separator\" style=\"height:100px\"\/>\n\n\n\n<div class=\"wp-block-group\"><div class=\"wp-block-group__inner-container is-layout-constrained wp-block-group-is-layout-constrained\">\n<div class=\"wp-block-columns is-style-default is-layout-flex wp-container-core-columns-is-layout-9d6595d7 wp-block-columns-is-layout-flex\">\n<div class=\"wp-block-column is-layout-flow wp-block-column-is-layout-flow\" style=\"flex-basis:43%\">\n<figure class=\"wp-block-image size-large\"><img loading=\"lazy\" decoding=\"async\" width=\"1024\" height=\"1024\" src=\"https:\/\/consems.de\/blog\/wp-content\/uploads\/2025\/09\/consems-Startseite-1-1024x1024.jpg\" alt=\"\" class=\"wp-image-156\" srcset=\"https:\/\/consems.de\/blog\/wp-content\/uploads\/2025\/09\/consems-Startseite-1-1024x1024.jpg 1024w, https:\/\/consems.de\/blog\/wp-content\/uploads\/2025\/09\/consems-Startseite-1-300x300.jpg 300w, https:\/\/consems.de\/blog\/wp-content\/uploads\/2025\/09\/consems-Startseite-1-150x150.jpg 150w, https:\/\/consems.de\/blog\/wp-content\/uploads\/2025\/09\/consems-Startseite-1-768x768.jpg 768w, https:\/\/consems.de\/blog\/wp-content\/uploads\/2025\/09\/consems-Startseite-1.jpg 1080w\" sizes=\"auto, (max-width: 1024px) 100vw, 1024px\" \/><\/figure>\n<\/div>\n\n\n\n<div class=\"wp-block-column is-layout-flow wp-block-column-is-layout-flow\" style=\"flex-basis:57%\">\n<h2 class=\"wp-block-heading has-huge-font-size\"><span class=\"ez-toc-section\" id=\"was-ist-ein-konflikt\"><\/span>Was ist ein Konflikt?<span class=\"ez-toc-section-end\"><\/span><\/h2>\n\n\n\n<p class=\"has-small-font-size\" style=\"font-size:48px\">Konflikte sind differente Sichtweisen \/ Interessen \/ Ziele \/ Meinungen oder Bed\u00fcrfnisse. Sie sind erst einmal gar nicht schlimm sondern bestimmen unser gesellschaftliches Leben.<br>Die Frage ist immer, wie damit umgegangen wird, wenn sie auftauchen. Denn es kommt schnell dazu, dass Konflikte eskalieren. Als neutraler Kl\u00e4rungshelfer werde ich bestenfalls bereits t\u00e4tig, bevor es eskaliert. So werden die Konflikte betrachtet und L\u00f6sungen gesucht. Im Eskalationsfall werde ich als Mediator t\u00e4tig und f\u00fchre sachbezogen den Fokus wieder auf die einvernehmliche L\u00f6sungsfindung.<\/p>\n\n\n\n<p class=\"has-small-font-size\" style=\"font-size:48px\">Um Konflikten den Schrecken zu nehmen, gibt es meine Kl\u00e4rungs-Check-Ups.<\/p>\n<\/div>\n<\/div>\n<\/div><\/div>\n\n\n\n<hr class=\"wp-block-coblocks-dynamic-separator\" style=\"height:100px\"\/>\n\n\n\n<div class=\"wp-block-group\"><div class=\"wp-block-group__inner-container is-layout-constrained wp-block-group-is-layout-constrained\">\n<div class=\"wp-block-columns is-style-default is-layout-flex wp-container-core-columns-is-layout-9d6595d7 wp-block-columns-is-layout-flex\">\n<div class=\"wp-block-column is-layout-flow wp-block-column-is-layout-flow\" style=\"flex-basis:43%\">\n<figure class=\"wp-block-image size-large\"><img loading=\"lazy\" decoding=\"async\" width=\"1024\" height=\"1024\" src=\"https:\/\/consems.de\/blog\/wp-content\/uploads\/2025\/09\/consems-Startseite-3-1024x1024.jpg\" alt=\"\" class=\"wp-image-159\" srcset=\"https:\/\/consems.de\/blog\/wp-content\/uploads\/2025\/09\/consems-Startseite-3-1024x1024.jpg 1024w, https:\/\/consems.de\/blog\/wp-content\/uploads\/2025\/09\/consems-Startseite-3-300x300.jpg 300w, https:\/\/consems.de\/blog\/wp-content\/uploads\/2025\/09\/consems-Startseite-3-150x150.jpg 150w, https:\/\/consems.de\/blog\/wp-content\/uploads\/2025\/09\/consems-Startseite-3-768x768.jpg 768w, https:\/\/consems.de\/blog\/wp-content\/uploads\/2025\/09\/consems-Startseite-3.jpg 1080w\" sizes=\"auto, (max-width: 1024px) 100vw, 1024px\" \/><\/figure>\n<\/div>\n\n\n\n<div class=\"wp-block-column is-layout-flow wp-block-column-is-layout-flow\" style=\"flex-basis:57%\">\n<h2 class=\"wp-block-heading has-huge-font-size\"><span class=\"ez-toc-section\" id=\"was-sind-klaerungs-check-ups\"><\/span>Was sind Kl\u00e4rungs-Check-Ups?<span class=\"ez-toc-section-end\"><\/span><\/h2>\n\n\n\n<p class=\"has-small-font-size\" style=\"font-size:48px\">Kl\u00e4rungs-Check-Ups sind pr\u00e4ventive Paar &#8211; oder Gruppengespr\u00e4che. Diese Gespr\u00e4che sind vertraulich, auf Augenh\u00f6he und werden von mir als neutrale Person moderiert. In diesen Gespr\u00e4chen finden wir heraus, ob noch alles ok ist oder ob sich eine Meinungsverschiedenheit anbahnen k\u00f6nnte. Sollte das so sein, gehen wir dieser Frage auf den Grund und suchen nach L\u00f6sungsm\u00f6glichkeiten. Ich bin dabei nicht beratend sondern moderierend t\u00e4tig. Gerade in Beziehungen und im Business-Bereich k\u00f6nnen Kl\u00e4rungs-Check-Ups sehr zu einem positiven Lebensgef\u00fchl allerseits beitragen.<\/p>\n<\/div>\n<\/div>\n<\/div><\/div>\n\n\n\n<hr class=\"wp-block-coblocks-dynamic-separator\" style=\"height:100px\"\/>\n\n\n\n<div class=\"wp-block-group\"><div class=\"wp-block-group__inner-container is-layout-constrained wp-block-group-is-layout-constrained\">\n<div class=\"wp-block-columns is-style-default is-layout-flex wp-container-core-columns-is-layout-9d6595d7 wp-block-columns-is-layout-flex\">\n<div class=\"wp-block-column is-layout-flow wp-block-column-is-layout-flow\" style=\"flex-basis:43%\">\n<figure class=\"wp-block-image size-large\"><img loading=\"lazy\" decoding=\"async\" width=\"1024\" height=\"1024\" src=\"https:\/\/consems.de\/blog\/wp-content\/uploads\/2025\/09\/consems-Startseite-4-1024x1024.jpg\" alt=\"\" class=\"wp-image-160\" srcset=\"https:\/\/consems.de\/blog\/wp-content\/uploads\/2025\/09\/consems-Startseite-4-1024x1024.jpg 1024w, https:\/\/consems.de\/blog\/wp-content\/uploads\/2025\/09\/consems-Startseite-4-300x300.jpg 300w, https:\/\/consems.de\/blog\/wp-content\/uploads\/2025\/09\/consems-Startseite-4-150x150.jpg 150w, https:\/\/consems.de\/blog\/wp-content\/uploads\/2025\/09\/consems-Startseite-4-768x768.jpg 768w, https:\/\/consems.de\/blog\/wp-content\/uploads\/2025\/09\/consems-Startseite-4.jpg 1080w\" sizes=\"auto, (max-width: 1024px) 100vw, 1024px\" \/><\/figure>\n<\/div>\n\n\n\n<div class=\"wp-block-column is-layout-flow wp-block-column-is-layout-flow\" style=\"flex-basis:57%\">\n<h2 class=\"wp-block-heading has-huge-font-size\"><span class=\"ez-toc-section\" id=\"was-ist-der-vorehe-check-up\"><\/span>Was ist der (Vor)Ehe-Check-Up?<span class=\"ez-toc-section-end\"><\/span><\/h2>\n\n\n\n<p class=\"has-small-font-size\" style=\"font-size:48px\">Dieser Kl\u00e4rungs-Check-Up habe ich speziell f\u00fcr frische Beziehungen entwickelt. Hier geht es darum, gemeinsam Fragen zu betrachten und Fragen zu stellen, die euch als junges Paar vielleicht noch gar nicht in den Sinn gekommen w\u00e4ren. Im besten Fall strahlt ihr euch dabei die ganze Zeit an und seid euch \u00fcber jede Frage einig. Fragen, bei denen ihr uneins seid, sind aber auch nicht schlimm. Wir betrachten sie schon jetzt, um ihnen die Spitze zu nehmen. Denn wenn die Fragen schon jetzt gekl\u00e4rt oder zumindest bekannt sind, werden sie euer Beziehungsgl\u00fcck nicht sp\u00e4ter negativ belasten und ihr k\u00f6nnt freudvoll den Weg in eure gemeinsame Zukunft weiter gehen.&nbsp;<a href=\"https:\/\/consems.de\/blog\/der-vorehe-checkup\/\">Hier geht es weiter&#8230;<\/a><\/p>\n\n\n\n<p><\/p>\n<\/div>\n<\/div>\n<\/div><\/div>\n\n\n\n<hr class=\"wp-block-coblocks-dynamic-separator\" style=\"height:100px\"\/>\n\n\n\n<div class=\"wp-block-group\"><div class=\"wp-block-group__inner-container is-layout-constrained wp-block-group-is-layout-constrained\">\n<div class=\"wp-block-columns is-style-default is-layout-flex wp-container-core-columns-is-layout-9d6595d7 wp-block-columns-is-layout-flex\">\n<div class=\"wp-block-column is-layout-flow wp-block-column-is-layout-flow\" style=\"flex-basis:43%\">\n<figure class=\"wp-block-image size-large\"><img loading=\"lazy\" decoding=\"async\" width=\"1024\" height=\"1024\" src=\"https:\/\/consems.de\/blog\/wp-content\/uploads\/2025\/09\/consems-Startseite-5-1024x1024.jpg\" alt=\"\" class=\"wp-image-162\" srcset=\"https:\/\/consems.de\/blog\/wp-content\/uploads\/2025\/09\/consems-Startseite-5-1024x1024.jpg 1024w, https:\/\/consems.de\/blog\/wp-content\/uploads\/2025\/09\/consems-Startseite-5-300x300.jpg 300w, https:\/\/consems.de\/blog\/wp-content\/uploads\/2025\/09\/consems-Startseite-5-150x150.jpg 150w, https:\/\/consems.de\/blog\/wp-content\/uploads\/2025\/09\/consems-Startseite-5-768x768.jpg 768w, https:\/\/consems.de\/blog\/wp-content\/uploads\/2025\/09\/consems-Startseite-5.jpg 1080w\" sizes=\"auto, (max-width: 1024px) 100vw, 1024px\" \/><\/figure>\n<\/div>\n\n\n\n<div class=\"wp-block-column is-layout-flow wp-block-column-is-layout-flow\" style=\"flex-basis:57%\">\n<h2 class=\"wp-block-heading has-huge-font-size\"><span class=\"ez-toc-section\" id=\"was-ist-eine-mediation\"><\/span>Was ist eine Mediation?<span class=\"ez-toc-section-end\"><\/span><\/h2>\n\n\n\n<p class=\"has-small-font-size\" style=\"font-size:48px\">Auch eine Mediation ist eine Kl\u00e4rung. Meist sind zwei oder mehrere Menschen \/ Firmen \/ Vereine in einer Konflikteskalation geraten und stehen nun vor der Entscheidung, sich externe Hilfe zu holen. Da g\u00e4be es z.B. den Anwalt, den Richter, die Polizei. Wenn diese eingesetzt werden, wird eine L\u00f6sung nach dem Gesetz gesucht und vermutlich wird es einen Gewinner und einen Verlierer geben. Wenn ich als zertifizierter Mediator eingesetzt werde, schauen wir uns in einer gesch\u00fctzten Umgebung (dazu weiter unten mehr) den Konflikt an und kl\u00e4ren ihn gemeinsam, indem wir eine f\u00fcr alle vertretbare L\u00f6sungsm\u00f6glichkeit erarbeiten, die sogar vor Gericht bestand hat.<br><br>Ab wann ist es denn ratsam, sich externe Hilfe zu holen?<br><br>Nat\u00fcrlich je fr\u00fcher, desto besser. Daher biete ich auch meine Kl\u00e4rungs-Check-Ups an. Sobald ihr aber ein Problem habt, \u00fcber das ihr mit anderen, mit denen ihr das Problem habt, nicht mehr sprechen m\u00f6gt oder k\u00f6nnt, wird es Zeit. Auch wenn das Problem vielleicht auf unterschiedlichen Instanzen entsteht (Mitarbeiter \/ Vorgesetzter), w\u00e4re das eine M\u00f6glichkeit. Sobald ihr aber auch andere mit ins Boot holt, um gegen die andere Person zu reden, besteht Handlungsbedarf. Denn: es gibt eine sogenannte Eskalationsspirale. Sobald ein Mensch so weit ist, dass er &#8222;Koalitionen bilden&#8220; m\u00f6chte, ist er kaum noch in der Lage, diesen Konflikt ohne externe Hilfe beizulegen. Die Erfolgsaussichten sind \u00fcbrigens sehr gut. Oftmals muss es gar nicht zu einer kompletten Trennung kommen, sondern Beziehungen (Ehe \/ Firma \/ \u2026) k\u00f6nnen weitergef\u00fchrt werden. Aber eine Mediation kann auch den Trennungsprozess konstruktiv unterst\u00fctzen.<\/p>\n<\/div>\n<\/div>\n<\/div><\/div>\n\n\n\n<hr class=\"wp-block-coblocks-dynamic-separator\" style=\"height:100px\"\/>\n\n\n\n<div class=\"wp-block-group\"><div class=\"wp-block-group__inner-container is-layout-constrained wp-block-group-is-layout-constrained\">\n<div class=\"wp-block-columns is-style-default is-layout-flex wp-container-core-columns-is-layout-9d6595d7 wp-block-columns-is-layout-flex\">\n<div class=\"wp-block-column is-layout-flow wp-block-column-is-layout-flow\" style=\"flex-basis:43%\">\n<figure class=\"wp-block-image size-large\"><img loading=\"lazy\" decoding=\"async\" width=\"1024\" height=\"1024\" src=\"https:\/\/consems.de\/blog\/wp-content\/uploads\/2025\/09\/consems-Startseite-7-1024x1024.jpg\" alt=\"\" class=\"wp-image-165\" srcset=\"https:\/\/consems.de\/blog\/wp-content\/uploads\/2025\/09\/consems-Startseite-7-1024x1024.jpg 1024w, https:\/\/consems.de\/blog\/wp-content\/uploads\/2025\/09\/consems-Startseite-7-300x300.jpg 300w, https:\/\/consems.de\/blog\/wp-content\/uploads\/2025\/09\/consems-Startseite-7-150x150.jpg 150w, https:\/\/consems.de\/blog\/wp-content\/uploads\/2025\/09\/consems-Startseite-7-768x768.jpg 768w, https:\/\/consems.de\/blog\/wp-content\/uploads\/2025\/09\/consems-Startseite-7.jpg 1080w\" sizes=\"auto, (max-width: 1024px) 100vw, 1024px\" \/><\/figure>\n<\/div>\n\n\n\n<div class=\"wp-block-column is-layout-flow wp-block-column-is-layout-flow\" style=\"flex-basis:57%\">\n<h2 class=\"wp-block-heading has-huge-font-size\"><span class=\"ez-toc-section\" id=\"die-prinzipien-der-mediation\"><\/span>Die Prinzipien der Mediation.<span class=\"ez-toc-section-end\"><\/span><\/h2>\n\n\n\n<p class=\"has-small-font-size\" style=\"font-size:48px\">Bei der Mediation handelt es sich um ein strukturiertes Verfahren, welches durch das Mediationsgesetz verankert ist und durch das ich als zertifizierter Mediator die Streitparteien zu einem rechtsg\u00fcltigen, vom Gericht akzeptierten Ergebnis f\u00fchren kann.<\/p>\n\n\n\n<p class=\"has-small-font-size\" style=\"font-size:48px\">Die Prinzipien sind:<\/p>\n\n\n\n<ul class=\"wp-block-list\">\n<li>Freiwilligkeit: Jeder nimmt freiwillig teil.<\/li>\n\n\n\n<li>Allparteilichkeit des Mediators: Ich verhalte mich neutral.<\/li>\n\n\n\n<li>Vertraulichkeit: Alles Besprochene bleibt vertraulich.<\/li>\n\n\n\n<li>Eigenverantwortlich: Ihr k\u00f6nnt und d\u00fcrft f\u00fcr euch einstehen.<\/li>\n\n\n\n<li>Ergebnisoffenheit: Bei der L\u00f6sungsfindung ist &#8222;alles&#8220; erlaubt.<\/li>\n\n\n\n<li>Informiertheit: Alle haben den selben Informationsstand.<\/li>\n<\/ul>\n<\/div>\n<\/div>\n\n\n\n<p class=\"has-medium-font-size\" style=\"font-size:48px\"><\/p>\n<\/div><\/div>\n\n\n\n<hr class=\"wp-block-coblocks-dynamic-separator\" style=\"height:100px\"\/>\n\n\n\n<div class=\"wp-block-group\"><div class=\"wp-block-group__inner-container is-layout-constrained wp-block-group-is-layout-constrained\">\n<div class=\"wp-block-columns is-style-default is-layout-flex wp-container-core-columns-is-layout-9d6595d7 wp-block-columns-is-layout-flex\">\n<div class=\"wp-block-column is-layout-flow wp-block-column-is-layout-flow\" style=\"flex-basis:43%\">\n<figure class=\"wp-block-image size-large\"><img loading=\"lazy\" decoding=\"async\" width=\"1024\" height=\"1024\" src=\"https:\/\/consems.de\/blog\/wp-content\/uploads\/2025\/09\/consems-Startseite-8-1024x1024.jpg\" alt=\"\" class=\"wp-image-166\" srcset=\"https:\/\/consems.de\/blog\/wp-content\/uploads\/2025\/09\/consems-Startseite-8-1024x1024.jpg 1024w, https:\/\/consems.de\/blog\/wp-content\/uploads\/2025\/09\/consems-Startseite-8-300x300.jpg 300w, https:\/\/consems.de\/blog\/wp-content\/uploads\/2025\/09\/consems-Startseite-8-150x150.jpg 150w, https:\/\/consems.de\/blog\/wp-content\/uploads\/2025\/09\/consems-Startseite-8-768x768.jpg 768w, https:\/\/consems.de\/blog\/wp-content\/uploads\/2025\/09\/consems-Startseite-8.jpg 1080w\" sizes=\"auto, (max-width: 1024px) 100vw, 1024px\" \/><\/figure>\n<\/div>\n\n\n\n<div class=\"wp-block-column is-layout-flow wp-block-column-is-layout-flow\" style=\"flex-basis:57%\">\n<h2 class=\"wp-block-heading has-huge-font-size\"><span class=\"ez-toc-section\" id=\"ueber-mich\"><\/span>\u00dcber mich<span class=\"ez-toc-section-end\"><\/span><\/h2>\n\n\n\n<p class=\"has-small-font-size\" style=\"font-size:48px\">Mein Name ist Heiko L\u00fcbben. Ich bin 50 Jahre alt, Meister, \u200bUnternehmer und zudem in verschiedenen Vereinsvorst\u00e4nden sowie in \u200beiner Selbsthilfegruppe als Leiter (nicht als Betroffener).<br>Mir wird ein gutes Ma\u00df an Empathie nachgesagt.<br>Meine zertifizierte Mediatorausbildung habe ich erfolgreich in M\u00fcnster und K\u00f6ln \u200babsolviert. Mit meinen MediationskollegInnen bin ich gut vernetzt und bilde mich laufend fort.<br>Meine R\u00e4umlichkeiten f\u00fcr die Mediation vor Ort befinden sich in Meppen \/ Emsland. Per Absprache kann ich aber auch neutrale R\u00e4umlichkeiten in Ihrer N\u00e4he nutzen. Auch Online-Mediationen via Zoom sind m\u00f6glich.<\/p>\n\n\n\n<p class=\"has-small-font-size\" style=\"font-size:48px\">Rufen Sie mich zur Terminfindung gerne an oder schreiben Sie mir eine WhatsApp.<\/p>\n<\/div>\n<\/div>\n\n\n\n<p class=\"has-medium-font-size\" style=\"font-size:48px\"><\/p>\n<\/div><\/div>\n\n\n\n<hr class=\"wp-block-coblocks-dynamic-separator\" style=\"height:100px\"\/>\n\n\n\n<div class=\"wp-block-group\"><div class=\"wp-block-group__inner-container is-layout-constrained wp-block-group-is-layout-constrained\">\n<div class=\"wp-block-columns is-style-default is-layout-flex wp-container-core-columns-is-layout-9d6595d7 wp-block-columns-is-layout-flex\">\n<div class=\"wp-block-column is-layout-flow wp-block-column-is-layout-flow\" style=\"flex-basis:43%\">\n<figure class=\"wp-block-image size-large\"><img loading=\"lazy\" decoding=\"async\" width=\"1024\" height=\"1024\" src=\"https:\/\/consems.de\/blog\/wp-content\/uploads\/2025\/09\/consems-Startseite-9-1-1024x1024.jpg\" alt=\"\" class=\"wp-image-173\" srcset=\"https:\/\/consems.de\/blog\/wp-content\/uploads\/2025\/09\/consems-Startseite-9-1-1024x1024.jpg 1024w, https:\/\/consems.de\/blog\/wp-content\/uploads\/2025\/09\/consems-Startseite-9-1-300x300.jpg 300w, https:\/\/consems.de\/blog\/wp-content\/uploads\/2025\/09\/consems-Startseite-9-1-150x150.jpg 150w, https:\/\/consems.de\/blog\/wp-content\/uploads\/2025\/09\/consems-Startseite-9-1-768x768.jpg 768w, https:\/\/consems.de\/blog\/wp-content\/uploads\/2025\/09\/consems-Startseite-9-1.jpg 1080w\" sizes=\"auto, (max-width: 1024px) 100vw, 1024px\" \/><\/figure>\n\n\n\n<p><\/p>\n\n\n\n<figure class=\"wp-block-image size-large has-lightbox\"><a href=\"https:\/\/wa.me\/4959314099748?text=Hallo%2C%20ich%20interessiere%20mich%20f%C3%BCr%20eine%20Mediation.\" target=\"_blank\" rel=\"noopener\"><img loading=\"lazy\" decoding=\"async\" width=\"1024\" height=\"1024\" src=\"https:\/\/consems.de\/blog\/wp-content\/uploads\/2025\/09\/consems-Startseite-10-1024x1024.jpg\" alt=\"\" class=\"wp-image-174\" srcset=\"https:\/\/consems.de\/blog\/wp-content\/uploads\/2025\/09\/consems-Startseite-10-1024x1024.jpg 1024w, https:\/\/consems.de\/blog\/wp-content\/uploads\/2025\/09\/consems-Startseite-10-300x300.jpg 300w, https:\/\/consems.de\/blog\/wp-content\/uploads\/2025\/09\/consems-Startseite-10-150x150.jpg 150w, https:\/\/consems.de\/blog\/wp-content\/uploads\/2025\/09\/consems-Startseite-10-768x768.jpg 768w, https:\/\/consems.de\/blog\/wp-content\/uploads\/2025\/09\/consems-Startseite-10.jpg 1080w\" sizes=\"auto, (max-width: 1024px) 100vw, 1024px\" \/><\/a><\/figure>\n<\/div>\n\n\n\n<div class=\"wp-block-column is-layout-flow wp-block-column-is-layout-flow\" style=\"flex-basis:57%\">\n<h2 class=\"wp-block-heading has-huge-font-size\"><span class=\"ez-toc-section\" id=\"kontakt\"><\/span>Kontakt<span class=\"ez-toc-section-end\"><\/span><\/h2>\n\n\n\n<p class=\"has-medium-font-size\" style=\"font-size:48px\">Heiko L\u00fcbben<\/p>\n\n\n\n<figure class=\"wp-block-table is-style-stripes\"><table class=\"has-fixed-layout\"><tbody><tr><td>Internet<\/td><td>consems.de<\/td><\/tr><tr><td>Telefon<\/td><td>05931-4099748<\/td><\/tr><tr><td>E-Mail<\/td><td><a href=\"mailto:mediation@consems.de\">mediation@consems.de<\/a><\/td><\/tr><tr><td>Whatsapp<\/td><td><a href=\"https:\/\/wa.me\/4959314099748?text=Hallo%2C%20ich%20interessiere%20mich%20f%C3%BCr%20eine%20Mediation.\" target=\"_blank\" rel=\"noopener\">+4959314099748<\/a><\/td><\/tr><tr><td>Instagram<\/td><td><a href=\"https:\/\/www.instagram.com\/klaert_es_mit_heiko\/\" target=\"_blank\" rel=\"noopener\">klaert_es_mit_heiko<\/a><\/td><\/tr><\/tbody><\/table><\/figure>\n\n\n\n<p class=\"has-medium-font-size\">Adresse Mediation:<\/p>\n\n\n\n<p class=\"has-medium-font-size\"><em>ich w\u00e4hle bedarfsgerecht neutrale R\u00e4umlichkeiten, daher gebe ich sie erst sp\u00e4ter bekannt <\/em><br>49716 Meppen<br>&#8211; oder online via Zoom &#8211;<br><\/p>\n\n\n\n<p class=\"has-medium-font-size\" style=\"font-size:48px\">Postadresse:<br>Herrenm\u00fchlenweg 55<br>49716 Meppen<\/p>\n<\/div>\n<\/div>\n<\/div><\/div>\n\n\n\n<p class=\"has-medium-font-size\" style=\"font-size:48px\"><\/p>\n\n\n\n<p><\/p>\n\n\n\n<p><\/p>\n","protected":false},"excerpt":{"rendered":"<p>Heiko L\u00fcbben ZERTIFIZIERTER MEDIATOR Als Mediator stelle ich mich zwei oder mehreren Parteien als neutraler Kl\u00e4rungshelfer zur Verf\u00fcgung. Dabei muss es sich nicht immer um Konflikte handeln. Auch so ist es immer gut, pr\u00e4ventiv Fragen oder Konfliktpotentiale zu betrachten, um weiterhin sowohl innerhalb der Beziehung oder in Vereinen \/ Firmen \/ Nachbarschaften ein positives Klima [&hellip;]<\/p>\n","protected":false},"author":1,"featured_media":0,"parent":0,"menu_order":0,"comment_status":"closed","ping_status":"closed","template":"","meta":{"hide_page_title":"","_coblocks_attr":"","_coblocks_dimensions":"","_coblocks_responsive_height":"","_coblocks_accordion_ie_support":"","footnotes":""},"class_list":["post-38","page","type-page","status-publish","hentry"],"_links":{"self":[{"href":"https:\/\/consems.de\/blog\/wp-json\/wp\/v2\/pages\/38","targetHints":{"allow":["GET"]}}],"collection":[{"href":"https:\/\/consems.de\/blog\/wp-json\/wp\/v2\/pages"}],"about":[{"href":"https:\/\/consems.de\/blog\/wp-json\/wp\/v2\/types\/page"}],"author":[{"embeddable":true,"href":"https:\/\/consems.de\/blog\/wp-json\/wp\/v2\/users\/1"}],"replies":[{"embeddable":true,"href":"https:\/\/consems.de\/blog\/wp-json\/wp\/v2\/comments?post=38"}],"version-history":[{"count":10,"href":"https:\/\/consems.de\/blog\/wp-json\/wp\/v2\/pages\/38\/revisions"}],"predecessor-version":[{"id":217,"href":"https:\/\/consems.de\/blog\/wp-json\/wp\/v2\/pages\/38\/revisions\/217"}],"wp:attachment":[{"href":"https:\/\/consems.de\/blog\/wp-json\/wp\/v2\/media?parent=38"}],"curies":[{"name":"wp","href":"https:\/\/api.w.org\/{rel}","templated":true}]}}